{"id":3047,"date":"2024-09-19T18:11:38","date_gmt":"2024-09-19T18:11:38","guid":{"rendered":"https:\/\/audioforum.si\/?page_id=3047"},"modified":"2025-12-27T19:37:59","modified_gmt":"2025-12-27T19:37:59","slug":"audio-forum-ljubljana-2024","status":"publish","type":"page","link":"https:\/\/audioforum.si\/sl\/previous-events\/audio-forum-ljubljana-2024\/","title":{"rendered":"Audio Forum Ljubljana 2024"},"content":{"rendered":"<h2 class=\"wp-block-heading\"><a href=\"https:\/\/www.linkedin.com\/in\/pavle-dinulovic-53521a86\/\">Pavle Dinulovi\u0107<\/a><\/h2>\n\n\n\n<h6 class=\"wp-block-heading\">Izredni profesor Fakulteta dramskih umetnosti<\/h6>\n\n\n\n<div class=\"wp-block-media-text is-stacked-on-mobile is-vertically-aligned-top is-image-fill-element\" style=\"grid-template-columns:30% auto\"><figure class=\"wp-block-media-text__media\"><img fetchpriority=\"high\" decoding=\"async\" width=\"1024\" height=\"683\" src=\"https:\/\/audioforum.si\/wp-content\/uploads\/2024\/09\/IMG_8035-1024x683.jpg\" alt=\"\" class=\"wp-image-3060 size-medium\" style=\"object-position:50% 50%\" srcset=\"https:\/\/audioforum.si\/wp-content\/uploads\/2024\/09\/IMG_8035-1024x683.jpg 1024w, https:\/\/audioforum.si\/wp-content\/uploads\/2024\/09\/IMG_8035-300x200.jpg 300w, https:\/\/audioforum.si\/wp-content\/uploads\/2024\/09\/IMG_8035-768x512.jpg 768w, https:\/\/audioforum.si\/wp-content\/uploads\/2024\/09\/IMG_8035-1536x1024.jpg 1536w, https:\/\/audioforum.si\/wp-content\/uploads\/2024\/09\/IMG_8035-2048x1365.jpg 2048w, https:\/\/audioforum.si\/wp-content\/uploads\/2024\/09\/IMG_8035-18x12.jpg 18w, https:\/\/audioforum.si\/wp-content\/uploads\/2024\/09\/IMG_8035.jpg 1620w\" sizes=\"(max-width: 1024px) 100vw, 1024px\" \/><\/figure><div class=\"wp-block-media-text__content\">\n<h3 class=\"wp-block-heading\">10. september 2024 | 10:00\u201311:30 | v \u017eivo<\/h3>\n\n\n\n<p>Pavle Dinulovi\u0107 je izredni profesor na Fakulteti dramskih umetnosti v Beogradu, kjer deluje na podro\u010djih zvoka, medijev in videoiger.<\/p>\n\n\n\n<p>Na Audio Forum Ljubljana 2024 je predstavil osnove oblikovanja glasbe za videoigre, pri \u010demer je obravnaval prehod od linearnih zank k interaktivnim glasbenim sistemom. Njegovo predavanje je raziskovalo konceptualne pristope k skladanju za igre ter tehni\u010dno implementacijo z uporabo sodobnih igralnih pogonov in zvo\u010dnih vmesnikov.<\/p>\n\n\n\n<p>S povezovanjem glasbene strukture z interakcijo igralca je Pavle ponudil vpogled v edinstvene izzive skladanja za interaktivne medije in razvijajo\u010do se vlogo zvoka v videoigrah.<\/p>\n<\/div><\/div>\n\n\n\n<h2 class=\"wp-block-heading\"><a href=\"https:\/\/www.linkedin.com\/in\/marta-biber-b9b1b99a\">Marta Biber<\/a><\/h2>\n\n\n\n<h6 class=\"wp-block-heading\">Konferen\u010dna tolma\u010dka, \u010dlanica AIIC<\/h6>\n\n\n\n<div class=\"wp-block-media-text is-stacked-on-mobile is-vertically-aligned-top is-image-fill-element\" style=\"grid-template-columns:30% auto\"><figure class=\"wp-block-media-text__media\"><img decoding=\"async\" width=\"1024\" height=\"683\" src=\"https:\/\/audioforum.si\/wp-content\/uploads\/2024\/09\/IMG_8095-1024x683.jpg\" alt=\"\" class=\"wp-image-3073 size-medium\" style=\"object-position:50% 50%\" srcset=\"https:\/\/audioforum.si\/wp-content\/uploads\/2024\/09\/IMG_8095-1024x683.jpg 1024w, https:\/\/audioforum.si\/wp-content\/uploads\/2024\/09\/IMG_8095-300x200.jpg 300w, https:\/\/audioforum.si\/wp-content\/uploads\/2024\/09\/IMG_8095-768x512.jpg 768w, https:\/\/audioforum.si\/wp-content\/uploads\/2024\/09\/IMG_8095-1536x1024.jpg 1536w, https:\/\/audioforum.si\/wp-content\/uploads\/2024\/09\/IMG_8095-2048x1365.jpg 2048w, https:\/\/audioforum.si\/wp-content\/uploads\/2024\/09\/IMG_8095-18x12.jpg 18w, https:\/\/audioforum.si\/wp-content\/uploads\/2024\/09\/IMG_8095.jpg 1620w\" sizes=\"(max-width: 1024px) 100vw, 1024px\" \/><\/figure><div class=\"wp-block-media-text__content\">\n<h3 class=\"wp-block-heading\">10. september 2024 | 16:00\u201317:30 | v \u017eivo<\/h3>\n\n\n\n<p>Marta Biber je konferen\u010dna tolma\u010dka in \u010dlanica zdru\u017eenja AIIC, ki mednarodno sodeluje z institucijami, kot sta EU in UN.<\/p>\n\n\n\n<p>Na Audio Forum Ljubljana 2024 je obravnavala vpliv vhodne in izhodne kakovosti zvoka na razumljivost govora pri simultanem tolma\u010denju. Njeno predavanje je raziskovalo, kako tehni\u010dni zvo\u010dni pogoji vplivajo na kognitivno obremenitev, u\u010dinkovitost komunikacije in natan\u010dnost v okoljih z visokimi zahtevami.<\/p>\n\n\n\n<p>S povezovanjem zvo\u010dnega in\u017eeniringa in tolma\u0161ke prakse je Marta ponudila edinstveno interdisciplinarno perspektivo o pomenu kakovosti zvoka tudi zunaj tradicionalnih produkcijskih kontekstov.<\/p>\n<\/div><\/div>\n\n\n\n<h2 class=\"wp-block-heading\"><a href=\"https:\/\/www.discogs.com\/artist\/2920005-Miha-Arnu%C5%A1-Arni\">Miha Arnu\u0161<\/a><\/h2>\n\n\n\n<h6 class=\"wp-block-heading\">Tonski in\u017eenir v \u017eivo<\/h6>\n\n\n\n<div class=\"wp-block-media-text is-stacked-on-mobile is-vertically-aligned-top is-image-fill-element\" style=\"grid-template-columns:30% auto\"><figure class=\"wp-block-media-text__media\"><img decoding=\"async\" width=\"1024\" height=\"683\" src=\"https:\/\/audioforum.si\/wp-content\/uploads\/2024\/09\/IMG_8047-1024x683.jpg\" alt=\"\" class=\"wp-image-3063 size-medium\" style=\"object-position:50% 50%\" srcset=\"https:\/\/audioforum.si\/wp-content\/uploads\/2024\/09\/IMG_8047-1024x683.jpg 1024w, https:\/\/audioforum.si\/wp-content\/uploads\/2024\/09\/IMG_8047-300x200.jpg 300w, https:\/\/audioforum.si\/wp-content\/uploads\/2024\/09\/IMG_8047-768x512.jpg 768w, https:\/\/audioforum.si\/wp-content\/uploads\/2024\/09\/IMG_8047-1536x1024.jpg 1536w, https:\/\/audioforum.si\/wp-content\/uploads\/2024\/09\/IMG_8047-2048x1365.jpg 2048w, https:\/\/audioforum.si\/wp-content\/uploads\/2024\/09\/IMG_8047-18x12.jpg 18w, https:\/\/audioforum.si\/wp-content\/uploads\/2024\/09\/IMG_8047.jpg 1620w\" sizes=\"(max-width: 1024px) 100vw, 1024px\" \/><\/figure><div class=\"wp-block-media-text__content\">\n<h3 class=\"wp-block-heading\">10. september 2024 | 12:00\u201313:30 | v \u017eivo<\/h3>\n\n\n\n<p>Miha Arnu\u0161 je izku\u0161en FOH in\u017eenir, ki je na Audio Forum Ljubljana 2024 predstavil tehniko spectral panning v klasi\u010dni glasbi.<\/p>\n\n\n\n<p>Njegovo predavanje je raziskovalo, kako ta napredna prostorska metoda pripomore k ve\u010dji globini, jasnosti in dojemanju v orkestrskih posnetkih. Miha je podrobno predstavil tako umetni\u0161ki namen kot tehni\u010dne postopke za implementacijo spectral panninga, pri \u010demer je udele\u017eencem ponudil vpogled v njegove prednosti in aplikacije v skladu z zahtevami klasi\u010dnega zvoka.<\/p>\n\n\n\n<p>Predavanje je bilo posebej relevantno za zvo\u010dne profesionalce, ki delajo z akusti\u010dno glasbo in si \u017eelijo raz\u0161iriti svoje razumevanje prostorskih tehnik ter njihove uporabe v razli\u010dnih kontekstih snemanja in interpretacije.<\/p>\n<\/div><\/div>\n\n\n\n<h2 class=\"wp-block-heading\"><a href=\"https:\/\/www.linkedin.com\/in\/dejan-pejovic-966b403a\/\">Dejan Pejovi\u0107<\/a><\/h2>\n\n\n\n<h6 class=\"wp-block-heading\">Profesor na FDU v Beogradu, Srbija<\/h6>\n\n\n\n<div class=\"wp-block-media-text is-stacked-on-mobile is-vertically-aligned-top is-image-fill-element\" style=\"grid-template-columns:30% auto\"><figure class=\"wp-block-media-text__media\"><img loading=\"lazy\" decoding=\"async\" width=\"1024\" height=\"683\" src=\"https:\/\/audioforum.si\/wp-content\/uploads\/2024\/09\/IMG_8080-1024x683.jpg\" alt=\"\" class=\"wp-image-3069 size-full\" style=\"object-position:50% 50%\" srcset=\"https:\/\/audioforum.si\/wp-content\/uploads\/2024\/09\/IMG_8080-1024x683.jpg 1024w, https:\/\/audioforum.si\/wp-content\/uploads\/2024\/09\/IMG_8080-300x200.jpg 300w, https:\/\/audioforum.si\/wp-content\/uploads\/2024\/09\/IMG_8080-768x512.jpg 768w, https:\/\/audioforum.si\/wp-content\/uploads\/2024\/09\/IMG_8080-1536x1024.jpg 1536w, https:\/\/audioforum.si\/wp-content\/uploads\/2024\/09\/IMG_8080-2048x1365.jpg 2048w, https:\/\/audioforum.si\/wp-content\/uploads\/2024\/09\/IMG_8080-18x12.jpg 18w, https:\/\/audioforum.si\/wp-content\/uploads\/2024\/09\/IMG_8080.jpg 1620w\" sizes=\"(max-width: 1024px) 100vw, 1024px\" \/><\/figure><div class=\"wp-block-media-text__content\">\n<h3 class=\"wp-block-heading\">10. september 2024 | 13:00\u201314:30 | v \u017eivo<\/h3>\n\n\n\n<p>Dejan Pejovi\u0107 je profesor na Fakulteti dramskih umetnosti v Beogradu in izku\u0161en producent glasbe.<\/p>\n\n\n\n<p>Na Audio Forum Ljubljana 2024 je predstavil predavanje o miselnosti skladatelja s producentskim pogledom. Njegova seja je obravnavala celoten proces ustvarjanja glasbe \u2013 od za\u010detne zamisli do kon\u010dne izvedbe \u2013 s poudarkom na profesionalnih standardih in u\u010dinkovitih delovnih tokovih.<\/p>\n\n\n\n<p>Dejan je izpostavil pomen prakti\u010dnega odlo\u010danja ter uravnote\u017eenja ustvarjalnosti z realnostjo tehni\u010dnih in produkcijskih zahtev v medijskih projektih.<\/p>\n<\/div><\/div>\n\n\n\n<h2 class=\"wp-block-heading\"><a href=\"https:\/\/www.youtube.com\/watch?v=ntA2UULF8ZQ\">Dragan Stevanovi\u0107-Bagzi<\/a><\/h2>\n\n\n\n<h6 class=\"wp-block-heading\">Vodja tona in oblikovalec zvoka v Atelje 212 v Beogradu, Srbija<\/h6>\n\n\n\n<div class=\"wp-block-media-text is-stacked-on-mobile is-vertically-aligned-top is-image-fill-element\" style=\"grid-template-columns:30% auto\"><figure class=\"wp-block-media-text__media\"><img loading=\"lazy\" decoding=\"async\" width=\"1024\" height=\"683\" src=\"https:\/\/audioforum.si\/wp-content\/uploads\/2024\/09\/IMG_8156-1024x683.jpg\" alt=\"\" class=\"wp-image-3095 size-medium\" style=\"object-position:50% 50%\" srcset=\"https:\/\/audioforum.si\/wp-content\/uploads\/2024\/09\/IMG_8156-1024x683.jpg 1024w, https:\/\/audioforum.si\/wp-content\/uploads\/2024\/09\/IMG_8156-300x200.jpg 300w, https:\/\/audioforum.si\/wp-content\/uploads\/2024\/09\/IMG_8156-768x512.jpg 768w, https:\/\/audioforum.si\/wp-content\/uploads\/2024\/09\/IMG_8156-1536x1024.jpg 1536w, https:\/\/audioforum.si\/wp-content\/uploads\/2024\/09\/IMG_8156-2048x1365.jpg 2048w, https:\/\/audioforum.si\/wp-content\/uploads\/2024\/09\/IMG_8156-18x12.jpg 18w, https:\/\/audioforum.si\/wp-content\/uploads\/2024\/09\/IMG_8156.jpg 1620w\" sizes=\"(max-width: 1024px) 100vw, 1024px\" \/><\/figure><div class=\"wp-block-media-text__content\">\n<h3 class=\"wp-block-heading\">11. september 2024 | 10:00\u201311:30 | v \u017eivo<\/h3>\n\n\n\n<p>Dragan Stevanovi\u0107 je vodja oddelka za zvok v gledali\u0161\u010du Atelje 212 v Beogradu in dolgoletni oblikovalec gledali\u0161kega zvoka.<\/p>\n\n\n\n<p>Na Audio Forum Ljubljana 2024 je govoril o akusti\u010dnem ambientu kot osrednji paradigmi oblikovanja zvoka v dramskem gledali\u0161\u010du. Njegovo predavanje je obravnavalo, kako zvok deluje kot avtonomen dramatur\u0161ki element, ki oblikuje ritem, prostor in \u010dustveni odziv. Na podlagi gledali\u0161ke prakse je pokazal, kako subtilne spremembe v intenziteti zvoka, \u010dasovni umestitvi in prostorski postavitvi vplivajo na celotno uprizoritev.<\/p>\n\n\n\n<p>Predavanje je udele\u017eencem ponudilo poglobljeno razumevanje zvoka kot aktivne narativne sile v okviru gledali\u0161ke produkcije v \u017eivo.<\/p>\n<\/div><\/div>\n\n\n\n<h2 class=\"wp-block-heading\"><a href=\"https:\/\/www.db-team.si\/\">Drago Popovi\u010d<\/a><\/h2>\n\n\n\n<h6 class=\"wp-block-heading\">FOH in\u017eenir pri skupinah Mi2 ter Hamo &amp; Tribute 2 Love<\/h6>\n\n\n\n<div class=\"wp-block-media-text is-stacked-on-mobile is-vertically-aligned-top is-image-fill-element\" style=\"grid-template-columns:30% auto\"><figure class=\"wp-block-media-text__media\"><img loading=\"lazy\" decoding=\"async\" width=\"1024\" height=\"683\" src=\"https:\/\/audioforum.si\/wp-content\/uploads\/2024\/09\/IMG_8239-1024x683.jpg\" alt=\"\" class=\"wp-image-3106 size-medium\" style=\"object-position:50% 50%\" srcset=\"https:\/\/audioforum.si\/wp-content\/uploads\/2024\/09\/IMG_8239-1024x683.jpg 1024w, https:\/\/audioforum.si\/wp-content\/uploads\/2024\/09\/IMG_8239-300x200.jpg 300w, https:\/\/audioforum.si\/wp-content\/uploads\/2024\/09\/IMG_8239-768x512.jpg 768w, https:\/\/audioforum.si\/wp-content\/uploads\/2024\/09\/IMG_8239-1536x1024.jpg 1536w, https:\/\/audioforum.si\/wp-content\/uploads\/2024\/09\/IMG_8239-2048x1365.jpg 2048w, https:\/\/audioforum.si\/wp-content\/uploads\/2024\/09\/IMG_8239-18x12.jpg 18w, https:\/\/audioforum.si\/wp-content\/uploads\/2024\/09\/IMG_8239.jpg 1620w\" sizes=\"(max-width: 1024px) 100vw, 1024px\" \/><\/figure><div class=\"wp-block-media-text__content\">\n<h3 class=\"wp-block-heading\">11. september 2024 | 12:00\u201313:30 | v \u017eivo<\/h3>\n\n\n\n<p>Drago Popovi\u010d je FOH zvokovni in\u017eenir, ki sodeluje z umetniki, kot so Mi2 in Hamo &amp; Tribute 2 Love.<\/p>\n\n\n\n<p>Na Audio Forum Ljubljana 2024 je vodil delavnico, osredoto\u010deno na FOH tehnologije in tehnike z uporabo ve\u010dslojnih posnetkov. Njegova seja je obravnavala vzpostavljanje ravnote\u017eja med dinami\u010dnim in stabilnim miksom ter prena\u0161anje studijske kakovosti zvoka v kontekst glasbenega nastopa v \u017eivo. Z demonstracijami prakti\u010dnih primerov je Drago delil svoje izku\u0161nje pri obvladovanju kompleksnih situacij zvoka v \u017eivo in izpostavil metode za ohranjanje jasnosti, energije in profesionalnega pristopa med dogodki.<\/p>\n\n\n\n<p>Njegov prispevek je bil \u0161e posebej koristen za udele\u017eence, ki se \u017eelijo poglobiti v realne izzive in re\u0161itve FOH in\u017eeniringa.<\/p>\n<\/div><\/div>\n\n\n\n<h2 class=\"wp-block-heading\"><a href=\"https:\/\/www.linkedin.com\/in\/andrea-caniato-04572921\/\">Andrea Caniato<\/a><\/h2>\n\n\n\n<h6 class=\"wp-block-heading\">Glasovni u\u010ditelj in raziskovalec<\/h6>\n\n\n\n<div class=\"wp-block-media-text is-stacked-on-mobile is-vertically-aligned-top is-image-fill-element\" style=\"grid-template-columns:30% auto\"><figure class=\"wp-block-media-text__media\"><img loading=\"lazy\" decoding=\"async\" width=\"1024\" height=\"683\" src=\"https:\/\/audioforum.si\/wp-content\/uploads\/2024\/09\/IMG_8252-1024x683.jpg\" alt=\"\" class=\"wp-image-3109 size-medium\" style=\"object-position:50% 50%\" srcset=\"https:\/\/audioforum.si\/wp-content\/uploads\/2024\/09\/IMG_8252-1024x683.jpg 1024w, https:\/\/audioforum.si\/wp-content\/uploads\/2024\/09\/IMG_8252-300x200.jpg 300w, https:\/\/audioforum.si\/wp-content\/uploads\/2024\/09\/IMG_8252-768x512.jpg 768w, https:\/\/audioforum.si\/wp-content\/uploads\/2024\/09\/IMG_8252-1536x1024.jpg 1536w, https:\/\/audioforum.si\/wp-content\/uploads\/2024\/09\/IMG_8252-2048x1365.jpg 2048w, https:\/\/audioforum.si\/wp-content\/uploads\/2024\/09\/IMG_8252-18x12.jpg 18w, https:\/\/audioforum.si\/wp-content\/uploads\/2024\/09\/IMG_8252.jpg 1620w\" sizes=\"(max-width: 1024px) 100vw, 1024px\" \/><\/figure><div class=\"wp-block-media-text__content\">\n<h3 class=\"wp-block-heading\">11. september 2024 | 12:00\u201313:30 | video klic<\/h3>\n\n\n\n<p>Andrea Caniato je certificiran u\u010ditelj in raziskovalec uporabne fiziologije glasu z ozadjem v klasi\u010dni glasbi.<\/p>\n\n\n\n<p>Na Audio Forum Ljubljana 2024 je preu\u010deval vpliv kakovosti zvoka na \u010dlove\u0161ko komunikacijo in \u017eiv\u010dni sistem. Njegovo predavanje se je osredoto\u010dilo na nastajajo\u010de raziskave o u\u010dinkih pretirano obdelanega in z umetno inteligenco spremenjenega zvoka ter opozorilo na potencialna tveganja, ki so \u0161e vedno v veliki meri neraziskana.<\/p>\n\n\n\n<p>Na podlagi dela s profesionalnimi uporabniki glasu in mednarodnimi institucijami je Andrea ponudil znanstveno utemeljeno perspektivo na zvok, zaznavanje in zdravje.<\/p>\n<\/div><\/div>\n\n\n\n<h2 class=\"wp-block-heading\"><a href=\"https:\/\/www.imdb.com\/name\/nm1353680\/\">Tarn Willers<\/a> in <a href=\"https:\/\/www.imdb.com\/name\/nm1908855\/\">Johnnie Burn<\/a><\/h2>\n\n\n\n<h6 class=\"wp-block-heading\">Prejemnika oskarja v kategoriji najbolj\u0161ega zvoka za film \"The Zone of Interest\"<\/h6>\n\n\n\n<div class=\"wp-block-media-text is-stacked-on-mobile is-vertically-aligned-center is-image-fill-element\" style=\"grid-template-columns:30% auto\"><figure class=\"wp-block-media-text__media\"><img loading=\"lazy\" decoding=\"async\" width=\"1024\" height=\"683\" src=\"https:\/\/audioforum.si\/wp-content\/uploads\/2024\/11\/IMG_8292-1024x683.jpg\" alt=\"\" class=\"wp-image-3281 size-medium\" style=\"object-position:50% 50%\" srcset=\"https:\/\/audioforum.si\/wp-content\/uploads\/2024\/11\/IMG_8292-1024x683.jpg 1024w, https:\/\/audioforum.si\/wp-content\/uploads\/2024\/11\/IMG_8292-300x200.jpg 300w, https:\/\/audioforum.si\/wp-content\/uploads\/2024\/11\/IMG_8292-768x512.jpg 768w, https:\/\/audioforum.si\/wp-content\/uploads\/2024\/11\/IMG_8292-1536x1024.jpg 1536w, https:\/\/audioforum.si\/wp-content\/uploads\/2024\/11\/IMG_8292-18x12.jpg 18w, https:\/\/audioforum.si\/wp-content\/uploads\/2024\/11\/IMG_8292.jpg 1620w\" sizes=\"(max-width: 1024px) 100vw, 1024px\" \/><\/figure><div class=\"wp-block-media-text__content\">\n<h3 class=\"wp-block-heading\">11. september 2024 | 16:00\u201317:30 | v \u017eivo<\/h3>\n\n\n\n<p>Tarn Willers in Johnnie Burn sta nagrajena z Oskarjem za najbolj\u0161i zvok za film The Zone of Interest, kjer sta delovala kot snemalec zvoka oziroma oblikovalec zvoka. <\/p>\n\n\n\n<p>Na Audio Forum Ljubljana 2024 sta predstavila celovit pregled ustvarjanja poglobljenih filmskih zvo\u010dnih pokrajin \u2013 od snemanja zvoka na lokaciji do oblikovanja zvoka in kon\u010dnega miksanja. Njuna seja je obravnavala sodelovanje med oddelki, ustvarjalne namene ter tehni\u010dne odlo\u010ditve, ki oblikujejo zvo\u010dno identiteto filma. S pomo\u010djo resni\u010dnih primerov iz filmskih produkcij sta predstavila, kako zvok prispeva k narativni napetosti, zaznavi prostora in \u010dustvenemu vplivu na gledalce.<\/p>\n\n\n\n<p>Njuno predavanje je udele\u017eencem ponudilo dragocen vpogled v profesionalne prakse in ustvarjalne izzive pri snovanju filmskega zvoka na visoki ravni.<\/p>\n<\/div><\/div>\n\n\n\n<h2 class=\"wp-block-heading\"><a href=\"https:\/\/www.imdb.com\/name\/nm0957965\/\">Julij Zornik<\/a><\/h2>\n\n\n\n<h6 class=\"wp-block-heading\">Oblikovalec zvoka na 001 d.o.o.<\/h6>\n\n\n\n<div class=\"wp-block-media-text is-stacked-on-mobile is-vertically-aligned-center is-image-fill-element\" style=\"grid-template-columns:30% auto\"><figure class=\"wp-block-media-text__media\"><img loading=\"lazy\" decoding=\"async\" width=\"1024\" height=\"683\" src=\"https:\/\/audioforum.si\/wp-content\/uploads\/2024\/09\/IMG_8527-1024x683.jpg\" alt=\"\" class=\"wp-image-3139 size-medium\" style=\"object-position:50% 50%\" srcset=\"https:\/\/audioforum.si\/wp-content\/uploads\/2024\/09\/IMG_8527-1024x683.jpg 1024w, https:\/\/audioforum.si\/wp-content\/uploads\/2024\/09\/IMG_8527-300x200.jpg 300w, https:\/\/audioforum.si\/wp-content\/uploads\/2024\/09\/IMG_8527-768x512.jpg 768w, https:\/\/audioforum.si\/wp-content\/uploads\/2024\/09\/IMG_8527-1536x1024.jpg 1536w, https:\/\/audioforum.si\/wp-content\/uploads\/2024\/09\/IMG_8527-2048x1365.jpg 2048w, https:\/\/audioforum.si\/wp-content\/uploads\/2024\/09\/IMG_8527-18x12.jpg 18w, https:\/\/audioforum.si\/wp-content\/uploads\/2024\/09\/IMG_8527.jpg 1620w\" sizes=\"(max-width: 1024px) 100vw, 1024px\" \/><\/figure><div class=\"wp-block-media-text__content\">\n<h3 class=\"wp-block-heading\">12. september 2024 | 10:00\u201311:30 | v \u017eivo<\/h3>\n\n\n\n<p>Julij Zornik je nadzorni oblikovalec zvoka pri podjetju 001 d.o.o.<\/p>\n\n\n\n<p>Na Audio Forum Ljubljana 2024 je svoje predavanje posvetil monta\u017ei dialogov in pomembnosti jasnega ter razumljivega dialoga v filmskem zvoku. V svoji seji je predstavil razli\u010dne pristope k \u010di\u0161\u010denju dialoga, uporabo specializiranih orodij ter razloge, zakaj jasen dialog ostaja klju\u010den element u\u010dinkovitega pripovedovanja zgodb. Z uporabo prakti\u010dnih primerov je demonstriral, kako tehni\u010dne odlo\u010ditve neposredno vplivajo na narativno razumljivost in anga\u017eiranost gledalcev.<\/p>\n\n\n\n<p>Njegovo predavanje je udele\u017eencem ponudilo dragocen vpogled v postprodukcijske delovne tokove ter izpostavilo ravnote\u017eje med tehni\u010dno natan\u010dnostjo in ustvarjalnimi nameni v filmih, kjer je dialog osrednji element zvoka.<\/p>\n<\/div><\/div>\n\n\n\n<h2 class=\"wp-block-heading\"><a href=\"https:\/\/www.db-team.si\/\">Danilo \u017denko<\/a><\/h2>\n\n\n\n<h6 class=\"wp-block-heading\">Tonski in\u017eenir v \u017eivo<\/h6>\n\n\n\n<div class=\"wp-block-media-text is-stacked-on-mobile is-vertically-aligned-center is-image-fill-element\" style=\"grid-template-columns:30% auto\"><figure class=\"wp-block-media-text__media\"><img loading=\"lazy\" decoding=\"async\" width=\"1024\" height=\"683\" src=\"https:\/\/audioforum.si\/wp-content\/uploads\/2024\/09\/IMG_8579-1024x683.jpg\" alt=\"\" class=\"wp-image-3145 size-medium\" style=\"object-position:50% 50%\" srcset=\"https:\/\/audioforum.si\/wp-content\/uploads\/2024\/09\/IMG_8579-1024x683.jpg 1024w, https:\/\/audioforum.si\/wp-content\/uploads\/2024\/09\/IMG_8579-300x200.jpg 300w, https:\/\/audioforum.si\/wp-content\/uploads\/2024\/09\/IMG_8579-768x512.jpg 768w, https:\/\/audioforum.si\/wp-content\/uploads\/2024\/09\/IMG_8579-1536x1024.jpg 1536w, https:\/\/audioforum.si\/wp-content\/uploads\/2024\/09\/IMG_8579-2048x1365.jpg 2048w, https:\/\/audioforum.si\/wp-content\/uploads\/2024\/09\/IMG_8579-18x12.jpg 18w, https:\/\/audioforum.si\/wp-content\/uploads\/2024\/09\/IMG_8579.jpg 1620w\" sizes=\"(max-width: 1024px) 100vw, 1024px\" \/><\/figure><div class=\"wp-block-media-text__content\">\n<h3 class=\"wp-block-heading\">12. september 2024 | 12:00\u201313:30 | v \u017eivo<\/h3>\n\n\n\n<p>Danilo \u017denko je izku\u0161en FOH (Front of House) zvokovni in\u017eenir z raznolikimi izku\u0161njami v me\u0161anju v \u017eivo.<\/p>\n\n\n\n<p>Na Audio Forum Ljubljana 2024 je predstavil poglobljeno sejo o ustvarjanju \u017eivih miksov s pomo\u010djo ve\u010dslojnih posnetkov, pri \u010demer je izpostavil tehnike, ki pomagajo zajeti energijo nastopa in obenem zagotoviti jasnost in skladnost za ob\u010dinstvo in izvajalce. Njegov pristop je zajemal prakti\u010dne strategije za u\u010dinkovito obvladovanje kompleksnosti zvoka v realnem \u010dasu ter poudaril pomen hitrega odlo\u010danja in medsebojnega sodelovanja med tehni\u010dnimi ekipami in glasbeniki.<\/p>\n\n\n\n<p>Udele\u017eencem je ponudil realisti\u010den vpogled v delovne procese in spretnosti, ki so potrebne za uspe\u0161no upravljanje z zvokom na koncertih in glasbenih dogodkih.<\/p>\n<\/div><\/div>\n\n\n\n<h2 class=\"wp-block-heading\"><a href=\"https:\/\/www.discogs.com\/artist\/6762927-Jan-Turk\">Jan Turk<\/a><\/h2>\n\n\n\n<h6 class=\"wp-block-heading\">Glasbeni producent<\/h6>\n\n\n\n<div class=\"wp-block-media-text is-stacked-on-mobile is-vertically-aligned-center is-image-fill-element\" style=\"grid-template-columns:30% auto\"><figure class=\"wp-block-media-text__media\"><img loading=\"lazy\" decoding=\"async\" width=\"1024\" height=\"683\" src=\"https:\/\/audioforum.si\/wp-content\/uploads\/2024\/09\/IMG_8659-1024x683.jpg\" alt=\"\" class=\"wp-image-3155 size-medium\" style=\"object-position:50% 50%\" srcset=\"https:\/\/audioforum.si\/wp-content\/uploads\/2024\/09\/IMG_8659-1024x683.jpg 1024w, https:\/\/audioforum.si\/wp-content\/uploads\/2024\/09\/IMG_8659-300x200.jpg 300w, https:\/\/audioforum.si\/wp-content\/uploads\/2024\/09\/IMG_8659-768x512.jpg 768w, https:\/\/audioforum.si\/wp-content\/uploads\/2024\/09\/IMG_8659-1536x1024.jpg 1536w, https:\/\/audioforum.si\/wp-content\/uploads\/2024\/09\/IMG_8659-2048x1365.jpg 2048w, https:\/\/audioforum.si\/wp-content\/uploads\/2024\/09\/IMG_8659-18x12.jpg 18w, https:\/\/audioforum.si\/wp-content\/uploads\/2024\/09\/IMG_8659.jpg 1620w\" sizes=\"(max-width: 1024px) 100vw, 1024px\" \/><\/figure><div class=\"wp-block-media-text__content\">\n<h3 class=\"wp-block-heading\">12. september 2024 | 12:00\u201313:30 | v \u017eivo<\/h3>\n\n\n\n<p>Jan Turk je glasbeni producent, ki je vodil prakti\u010dno delavnico, osredoto\u010deno na ustvarjanje elektronske glasbe, zlasti v zvrsteh psy-trance in psy-chill.<\/p>\n\n\n\n<p>Na Audio Forum Ljubljana 2024 je udele\u017eence vodil skozi tehnike sinteze zvoka, aran\u017eiranja in miksanja z uporabo programa Ableton Live. Z analizo \u017ee dokon\u010dane skladbe je Jan prikazal prakti\u010dne pristope k gradnji elektronskih kompozicij, od za\u010detne ideje do kon\u010dne me\u0161anice.<\/p>\n\n\n\n<p>Njegova delavnica je poudarjala proces dela, eksperimentiranje ter produkcijske tehnike, zna\u010dilne za posamezne glasbene zvrsti.<\/p>\n<\/div><\/div>\n\n\n\n<h2 class=\"wp-block-heading\"><a href=\"https:\/\/www.linkedin.com\/in\/nebojsa-dragicevic-081b6140\/\">Neboj\u0161a Dragi\u0107evi\u0107<\/a><\/h2>\n\n\n\n<h6 class=\"wp-block-heading\">Vodja tonskih mojstrov na RTS, Srbija<\/h6>\n\n\n\n<div class=\"wp-block-media-text is-stacked-on-mobile is-vertically-aligned-center is-image-fill-element\" style=\"grid-template-columns:30% auto\"><figure class=\"wp-block-media-text__media\"><img loading=\"lazy\" decoding=\"async\" width=\"1024\" height=\"683\" src=\"https:\/\/audioforum.si\/wp-content\/uploads\/2024\/09\/IMG_8872-1024x683.jpg\" alt=\"\" class=\"wp-image-3196 size-medium\" style=\"object-position:50% 50%\" srcset=\"https:\/\/audioforum.si\/wp-content\/uploads\/2024\/09\/IMG_8872-1024x683.jpg 1024w, https:\/\/audioforum.si\/wp-content\/uploads\/2024\/09\/IMG_8872-300x200.jpg 300w, https:\/\/audioforum.si\/wp-content\/uploads\/2024\/09\/IMG_8872-768x512.jpg 768w, https:\/\/audioforum.si\/wp-content\/uploads\/2024\/09\/IMG_8872-1536x1024.jpg 1536w, https:\/\/audioforum.si\/wp-content\/uploads\/2024\/09\/IMG_8872-2048x1365.jpg 2048w, https:\/\/audioforum.si\/wp-content\/uploads\/2024\/09\/IMG_8872-18x12.jpg 18w, https:\/\/audioforum.si\/wp-content\/uploads\/2024\/09\/IMG_8872.jpg 1620w\" sizes=\"(max-width: 1024px) 100vw, 1024px\" \/><\/figure><div class=\"wp-block-media-text__content\">\n<h3 class=\"wp-block-heading\">13. september 2024 | 16:00\u201317:30 | v \u017eivo<\/h3>\n\n\n\n<p>Neboj\u0161a Dragi\u0107evi\u0107 je vodja oddelka za zvok na Radioteleviziji Srbije. <\/p>\n\n\n\n<p>Na Audio Forum Ljubljana 2024 je obravnaval skrite dejavnike, ki vplivajo na kakovost zvoka v sodobni televizijski produkciji. Njegovo predavanje je raziskovalo sekundarne in ozadjske elemente, ki so v vsakodnevnih produkcijskih potekih pogosto spregledani, ter omejitve in tveganja sodobnih produkcijskih orodij. Z uporabo primerov iz rednega programa je Neboj\u0161a pokazal, kako se drobne tehni\u010dne odlo\u010ditve se\u0161tevajo in oblikujejo zaznavo gledalcev ter splo\u0161no kakovost zvoka.<\/p>\n\n\n\n<p>Predavanje je ponudilo kriti\u010den pogled na rutinske prakse in predpostavke v televizijski produkciji.<\/p>\n<\/div><\/div>\n\n\n\n<h2 class=\"wp-block-heading\"><a href=\"https:\/\/www.knjizare-vulkan.rs\/muzika\/190088-skola-zvuka\">Zdravko Maljkovi\u0107<\/a><\/h2>\n\n\n\n<h6 class=\"wp-block-heading\">Vodja oddelka za glasbene posnetke in terenske prenose na Radiu Beograd<\/h6>\n\n\n\n<div class=\"wp-block-media-text is-stacked-on-mobile is-vertically-aligned-center is-image-fill-element\" style=\"grid-template-columns:30% auto\"><figure class=\"wp-block-media-text__media\"><img loading=\"lazy\" decoding=\"async\" width=\"1024\" height=\"683\" src=\"https:\/\/audioforum.si\/wp-content\/uploads\/2024\/09\/IMG_8949-1024x683.jpg\" alt=\"\" class=\"wp-image-3201 size-medium\" style=\"object-position:50% 50%\" srcset=\"https:\/\/audioforum.si\/wp-content\/uploads\/2024\/09\/IMG_8949-1024x683.jpg 1024w, https:\/\/audioforum.si\/wp-content\/uploads\/2024\/09\/IMG_8949-300x200.jpg 300w, https:\/\/audioforum.si\/wp-content\/uploads\/2024\/09\/IMG_8949-768x512.jpg 768w, https:\/\/audioforum.si\/wp-content\/uploads\/2024\/09\/IMG_8949-1536x1024.jpg 1536w, https:\/\/audioforum.si\/wp-content\/uploads\/2024\/09\/IMG_8949-2048x1365.jpg 2048w, https:\/\/audioforum.si\/wp-content\/uploads\/2024\/09\/IMG_8949-18x12.jpg 18w, https:\/\/audioforum.si\/wp-content\/uploads\/2024\/09\/IMG_8949.jpg 1620w\" sizes=\"(max-width: 1024px) 100vw, 1024px\" \/><\/figure><div class=\"wp-block-media-text__content\">\n<h3 class=\"wp-block-heading\">13. september 2024 | 10:00\u201310:30 | v \u017eivo<\/h3>\n\n\n\n<p>Zdravko Maljkovi\u0107 je oblikovalec zvoka na Radioteleviziji Srbije.<\/p>\n\n\n\n<p>Njegovo predavanje na Audio Forum Ljubljana 2024 se je osredoto\u010dilo na avdiovizualne tehnike v zvo\u010dnih pokrajinah olimpijskih dogodkov, s poudarkom na vizualizaciji zvoka in poslu\u0161alski izku\u0161nji. S primerjavami med radijskimi in avdiovizualnimi mediji je Zdravko razlo\u017eil, kako se zvo\u010dne pokrajine gradijo z namenom prenosa ob\u010dutka razse\u017enosti, gibanja in atmosfere na velikih \u0161portnih prireditvah.<\/p>\n\n\n\n<p>Njegova seja je ponudila vpogled v ustvarjalne in tehni\u010dne strategije, ki se uporabljajo za pretvorbo kompleksnih dogodkov v privla\u010dne zvo\u010dne izku\u0161nje za razli\u010dne medijske formate.<\/p>\n<\/div><\/div>\n\n\n\n<h2 class=\"wp-block-heading\"><a href=\"https:\/\/www.discogs.com\/artist\/185994-Janez-Kri%C5%BEaj\">Janez Kri\u017eaj<\/a><\/h2>\n\n\n\n<h6 class=\"wp-block-heading\">Glasbeni producent, mikser in mastering in\u017eenir, basist nekdanje skupine \"Videosex\"<\/h6>\n\n\n\n<div class=\"wp-block-media-text is-stacked-on-mobile is-vertically-aligned-center is-image-fill-element\" style=\"grid-template-columns:30% auto\"><figure class=\"wp-block-media-text__media\"><img loading=\"lazy\" decoding=\"async\" width=\"1024\" height=\"683\" src=\"https:\/\/audioforum.si\/wp-content\/uploads\/2024\/09\/IMG_8998-1024x683.jpg\" alt=\"\" class=\"wp-image-3209 size-medium\" style=\"object-position:50% 50%\" srcset=\"https:\/\/audioforum.si\/wp-content\/uploads\/2024\/09\/IMG_8998-1024x683.jpg 1024w, https:\/\/audioforum.si\/wp-content\/uploads\/2024\/09\/IMG_8998-300x200.jpg 300w, https:\/\/audioforum.si\/wp-content\/uploads\/2024\/09\/IMG_8998-768x512.jpg 768w, https:\/\/audioforum.si\/wp-content\/uploads\/2024\/09\/IMG_8998-1536x1024.jpg 1536w, https:\/\/audioforum.si\/wp-content\/uploads\/2024\/09\/IMG_8998-2048x1365.jpg 2048w, https:\/\/audioforum.si\/wp-content\/uploads\/2024\/09\/IMG_8998-18x12.jpg 18w, https:\/\/audioforum.si\/wp-content\/uploads\/2024\/09\/IMG_8998.jpg 1620w\" sizes=\"(max-width: 1024px) 100vw, 1024px\" \/><\/figure><div class=\"wp-block-media-text__content\">\n<h3 class=\"wp-block-heading\">13. september 2024 | 12:00\u201313:30 | v \u017eivo<\/h3>\n\n\n\n<p>Janez Kri\u017eaj je oblikovalec zvoka in glasbeni producent s skoraj \u0161tirimi desetletji samostojnih izku\u0161enj.<\/p>\n\n\n\n<p>Na Audio Forum Ljubljana 2024 je predstavil predavanje o kulturi poslu\u0161anja, v katerem je obravnaval zaznavanje, psihoakustiko in akusti\u010dno ekologijo. Na podlagi dolgoletne kariere na podro\u010dju masteringa, miksanja in snemanja je Janez raziskoval temeljna vpra\u0161anja o zvoku, ti\u0161ini in slu\u0161nem zaznavanju.<\/p>\n\n\n\n<p>Njegova seja je udele\u017eence spodbudila k ponovnemu razmisleku o poslu\u0161anju kot klju\u010dni profesionalni ve\u0161\u010dini in mo\u010dnem dramatur\u0161kem orodju.<\/p>\n<\/div><\/div>\n\n\n\n<h2 class=\"wp-block-heading\"><a href=\"https:\/\/www.linkedin.com\/in\/mina-cvetinovic-67738513\/\">Mina Cvetinovi\u0107<\/a><\/h2>\n\n\n\n<h6 class=\"wp-block-heading\">Izredni profesor Fakulteta dramskih umetnosti<\/h6>\n\n\n\n<div class=\"wp-block-media-text is-stacked-on-mobile is-vertically-aligned-center is-image-fill-element\" style=\"grid-template-columns:30% auto\"><figure class=\"wp-block-media-text__media\"><img loading=\"lazy\" decoding=\"async\" width=\"1024\" height=\"683\" src=\"https:\/\/audioforum.si\/wp-content\/uploads\/2024\/09\/IMG_9006-1024x683.jpg\" alt=\"\" class=\"wp-image-3211 size-medium\" style=\"object-position:50% 50%\" srcset=\"https:\/\/audioforum.si\/wp-content\/uploads\/2024\/09\/IMG_9006-1024x683.jpg 1024w, https:\/\/audioforum.si\/wp-content\/uploads\/2024\/09\/IMG_9006-300x200.jpg 300w, https:\/\/audioforum.si\/wp-content\/uploads\/2024\/09\/IMG_9006-768x512.jpg 768w, https:\/\/audioforum.si\/wp-content\/uploads\/2024\/09\/IMG_9006-1536x1024.jpg 1536w, https:\/\/audioforum.si\/wp-content\/uploads\/2024\/09\/IMG_9006-2048x1365.jpg 2048w, https:\/\/audioforum.si\/wp-content\/uploads\/2024\/09\/IMG_9006-18x12.jpg 18w, https:\/\/audioforum.si\/wp-content\/uploads\/2024\/09\/IMG_9006.jpg 1620w\" sizes=\"(max-width: 1024px) 100vw, 1024px\" \/><\/figure><div class=\"wp-block-media-text__content\">\n<h3 class=\"wp-block-heading\">13. september 2024 | 12:00\u201313:30 | v \u017eivo<\/h3>\n\n\n\n<p>Mina Cvetinovi\u0107 je izredna profesorica na Fakulteti dramskih umetnosti v Beogradu.<\/p>\n\n\n\n<p>Na Audio Forum Ljubljana 2024 je predstavila delo Oddelka za vizualne u\u010dinke, animacijo in umetnost videoiger, s poudarkom na odnosu med vizualnimi umetnostmi in oblikovanjem zvoka. Njeno predavanje je obravnavalo pogosto premalo raziskano interakcijo med ra\u010dunalni\u0161ko generiranimi podobami in zvokom ter poudarilo pomen interdisciplinarnega sodelovanja.<\/p>\n\n\n\n<p>S predstavitvijo izobra\u017eevalnih pristopov in \u0161tudentskih del je Mina izpostavila pomen vklju\u010devanja razmi\u0161ljanja o zvoku v vizualne produkcijske procese in akademske u\u010dne na\u010drte.<\/p>\n<\/div><\/div>\n\n\n\n<h2 class=\"wp-block-heading\"><a href=\"https:\/\/www.discogs.com\/artist\/7813710-Ale%C5%A1-Koman\">Ale\u0161 Koman<\/a><\/h2>\n\n\n\n<h6 class=\"wp-block-heading\">Vi\u0161i tonski mojster na RTV Slovenija<\/h6>\n\n\n\n<div class=\"wp-block-media-text is-stacked-on-mobile is-vertically-aligned-center is-image-fill-element\" style=\"grid-template-columns:30% auto\"><figure class=\"wp-block-media-text__media\"><img loading=\"lazy\" decoding=\"async\" width=\"1024\" height=\"683\" src=\"https:\/\/audioforum.si\/wp-content\/uploads\/2024\/09\/IMG_9053-1024x683.jpg\" alt=\"\" class=\"wp-image-3239 size-medium\" style=\"object-position:50% 50%\" srcset=\"https:\/\/audioforum.si\/wp-content\/uploads\/2024\/09\/IMG_9053-1024x683.jpg 1024w, https:\/\/audioforum.si\/wp-content\/uploads\/2024\/09\/IMG_9053-300x200.jpg 300w, https:\/\/audioforum.si\/wp-content\/uploads\/2024\/09\/IMG_9053-768x512.jpg 768w, https:\/\/audioforum.si\/wp-content\/uploads\/2024\/09\/IMG_9053-1536x1024.jpg 1536w, https:\/\/audioforum.si\/wp-content\/uploads\/2024\/09\/IMG_9053-2048x1365.jpg 2048w, https:\/\/audioforum.si\/wp-content\/uploads\/2024\/09\/IMG_9053-18x12.jpg 18w, https:\/\/audioforum.si\/wp-content\/uploads\/2024\/09\/IMG_9053.jpg 1620w\" sizes=\"(max-width: 1024px) 100vw, 1024px\" \/><\/figure><div class=\"wp-block-media-text__content\">\n<h3 class=\"wp-block-heading\">13. september 2024 | 16:00\u201317:30 | v \u017eivo<\/h3>\n\n\n\n<p>Ale\u0161 Koman je vi\u0161ji tonski mojster na RTV Slovenija z bogatimi izku\u0161njami na podro\u010dju televizijske produkcije.<\/p>\n\n\n\n<p>Njegovo predavanje na Audio Forum Ljubljana 2024 je raziskovalo oblikovanje zvoka v \u0161portnih prenosih, s poudarkom na povezovanju visokolo\u010dljivostne slike in ve\u010dkanalnega zvoka. Govoril je o izbiri in postavitvi mikrofonov, tehnikah zajema zvoka mno\u017eice ter imerzivnih zvo\u010dnih pristopih, ki se uporabljajo na velikih \u0161portnih dogodkih, kot so olimpijske igre in svetovna prvenstva. Z analizo realnih primerov iz televizijske prakse je Ale\u0161 poudaril, kako oblikovanje zvoka krepi \u010dustveni u\u010dinek in anga\u017eiranost gledalcev.<\/p>\n\n\n\n<p>Njegova seja je ponudila prakti\u010dna orodja in konceptualne okvire za zvo\u010dne profesionalce, ki delujejo v okoljih \u0161portnih prenosov v \u017eivo in televizijskega oddajanja.<\/p>\n<\/div><\/div>","protected":false},"excerpt":{"rendered":"<p>Pavle Dinulovi\u0107 Associate professor at FDU in Belgrade, Serbia September 10, 2024 | 10:00 \u2013 11:30 | on-site Pavle Dinulovi\u0107 is an associate professor at the Faculty of Dramatic Arts in Belgrade, working across sound, media and game-related disciplines. At Audio Forum Ljubljana 2024, he presented the fundamentals of video game music design, covering the [&hellip;]<\/p>\n","protected":false},"author":3,"featured_media":0,"parent":2974,"menu_order":0,"comment_status":"closed","ping_status":"closed","template":"","meta":{"_acf_changed":false,"footnotes":""},"class_list":["post-3047","page","type-page","status-publish","hentry"],"acf":[],"yoast_head":"<!-- This site is optimized with the Yoast SEO plugin v26.9 - https:\/\/yoast.com\/product\/yoast-seo-wordpress\/ -->\n<title>Audio Forum Ljubljana 2024 - Audio Forum<\/title>\n<meta name=\"description\" content=\"A unique annual pro-audio conference in the SEE, happening in Belgrade, Serbia, with seasoned experts in its speaker lineup.\" \/>\n<meta name=\"robots\" content=\"index, follow, max-snippet:-1, max-image-preview:large, max-video-preview:-1\" \/>\n<link rel=\"canonical\" href=\"https:\/\/audioforum.si\/sl\/previous-events\/audio-forum-ljubljana-2024\/\" \/>\n<meta property=\"og:locale\" content=\"sl_SI\" \/>\n<meta property=\"og:type\" content=\"article\" \/>\n<meta property=\"og:title\" content=\"Audio Forum Ljubljana 2024 - Audio Forum\" \/>\n<meta property=\"og:description\" content=\"A unique annual pro-audio conference in the SEE, happening in Belgrade, Serbia, with seasoned experts in its speaker lineup.\" \/>\n<meta property=\"og:url\" content=\"https:\/\/audioforum.si\/sl\/previous-events\/audio-forum-ljubljana-2024\/\" \/>\n<meta property=\"og:site_name\" content=\"Audio Forum\" \/>\n<meta property=\"article:publisher\" content=\"https:\/\/www.facebook.com\/masivaudioforum\/\" \/>\n<meta property=\"article:modified_time\" content=\"2025-12-27T19:37:59+00:00\" \/>\n<meta property=\"og:image\" content=\"https:\/\/audioforum.si\/wp-content\/uploads\/2024\/09\/IMG_8035.jpg\" \/>\n\t<meta property=\"og:image:width\" content=\"1620\" \/>\n\t<meta property=\"og:image:height\" content=\"1080\" \/>\n\t<meta property=\"og:image:type\" content=\"image\/jpeg\" \/>\n<meta name=\"twitter:card\" content=\"summary_large_image\" \/>\n<meta name=\"twitter:label1\" content=\"Est. reading time\" \/>\n\t<meta name=\"twitter:data1\" content=\"11 minut\" \/>\n<script type=\"application\/ld+json\" class=\"yoast-schema-graph\">{\"@context\":\"https:\/\/schema.org\",\"@graph\":[{\"@type\":\"WebPage\",\"@id\":\"https:\/\/audioforum.si\/previous-events\/audio-forum-ljubljana-2024\/\",\"url\":\"https:\/\/audioforum.si\/previous-events\/audio-forum-ljubljana-2024\/\",\"name\":\"Audio Forum Ljubljana 2024 - Audio Forum\",\"isPartOf\":{\"@id\":\"https:\/\/audioforum.si\/#website\"},\"primaryImageOfPage\":{\"@id\":\"https:\/\/audioforum.si\/previous-events\/audio-forum-ljubljana-2024\/#primaryimage\"},\"image\":{\"@id\":\"https:\/\/audioforum.si\/previous-events\/audio-forum-ljubljana-2024\/#primaryimage\"},\"thumbnailUrl\":\"https:\/\/audioforum.si\/wp-content\/uploads\/2024\/09\/IMG_8035-1024x683.jpg\",\"datePublished\":\"2024-09-19T18:11:38+00:00\",\"dateModified\":\"2025-12-27T19:37:59+00:00\",\"description\":\"A unique annual pro-audio conference in the SEE, happening in Belgrade, Serbia, with seasoned experts in its speaker lineup.\",\"breadcrumb\":{\"@id\":\"https:\/\/audioforum.si\/previous-events\/audio-forum-ljubljana-2024\/#breadcrumb\"},\"inLanguage\":\"sl-SI\",\"potentialAction\":[{\"@type\":\"ReadAction\",\"target\":[\"https:\/\/audioforum.si\/previous-events\/audio-forum-ljubljana-2024\/\"]}]},{\"@type\":\"ImageObject\",\"inLanguage\":\"sl-SI\",\"@id\":\"https:\/\/audioforum.si\/previous-events\/audio-forum-ljubljana-2024\/#primaryimage\",\"url\":\"https:\/\/audioforum.si\/wp-content\/uploads\/2024\/09\/IMG_8035-1024x683.jpg\",\"contentUrl\":\"https:\/\/audioforum.si\/wp-content\/uploads\/2024\/09\/IMG_8035-1024x683.jpg\"},{\"@type\":\"BreadcrumbList\",\"@id\":\"https:\/\/audioforum.si\/previous-events\/audio-forum-ljubljana-2024\/#breadcrumb\",\"itemListElement\":[{\"@type\":\"ListItem\",\"position\":1,\"name\":\"Home\",\"item\":\"https:\/\/audioforum.si\/\"},{\"@type\":\"ListItem\",\"position\":2,\"name\":\"Previous Events\",\"item\":\"https:\/\/audioforum.si\/previous-events\/\"},{\"@type\":\"ListItem\",\"position\":3,\"name\":\"Audio Forum Ljubljana 2024\"}]},{\"@type\":\"WebSite\",\"@id\":\"https:\/\/audioforum.si\/#website\",\"url\":\"https:\/\/audioforum.si\/\",\"name\":\"Audio Forum\",\"description\":\"A unique annual pro-audio conference in SEE\",\"publisher\":{\"@id\":\"https:\/\/audioforum.si\/#organization\"},\"potentialAction\":[{\"@type\":\"SearchAction\",\"target\":{\"@type\":\"EntryPoint\",\"urlTemplate\":\"https:\/\/audioforum.si\/?s={search_term_string}\"},\"query-input\":{\"@type\":\"PropertyValueSpecification\",\"valueRequired\":true,\"valueName\":\"search_term_string\"}}],\"inLanguage\":\"sl-SI\"},{\"@type\":\"Organization\",\"@id\":\"https:\/\/audioforum.si\/#organization\",\"name\":\"Audio Forum\",\"url\":\"https:\/\/audioforum.si\/\",\"logo\":{\"@type\":\"ImageObject\",\"inLanguage\":\"sl-SI\",\"@id\":\"https:\/\/audioforum.si\/#\/schema\/logo\/image\/\",\"url\":\"https:\/\/audioforum.rs\/wp-content\/uploads\/2023\/11\/AF_Logo-01.png\",\"contentUrl\":\"https:\/\/audioforum.rs\/wp-content\/uploads\/2023\/11\/AF_Logo-01.png\",\"width\":4000,\"height\":420,\"caption\":\"Audio Forum\"},\"image\":{\"@id\":\"https:\/\/audioforum.si\/#\/schema\/logo\/image\/\"},\"sameAs\":[\"https:\/\/www.facebook.com\/masivaudioforum\/\",\"https:\/\/www.youtube.com\/c\/AudioForum\",\"https:\/\/www.instagram.com\/audio_forum\/\",\"https:\/\/discord.com\/invite\/pW4tgnn4k3\"]}]}<\/script>\n<!-- \/ Yoast SEO plugin. -->","yoast_head_json":{"title":"Audio Forum Ljubljana 2024 - Audio Forum","description":"A unique annual pro-audio conference in the SEE, happening in Belgrade, Serbia, with seasoned experts in its speaker lineup.","robots":{"index":"index","follow":"follow","max-snippet":"max-snippet:-1","max-image-preview":"max-image-preview:large","max-video-preview":"max-video-preview:-1"},"canonical":"https:\/\/audioforum.si\/sl\/previous-events\/audio-forum-ljubljana-2024\/","og_locale":"sl_SI","og_type":"article","og_title":"Audio Forum Ljubljana 2024 - Audio Forum","og_description":"A unique annual pro-audio conference in the SEE, happening in Belgrade, Serbia, with seasoned experts in its speaker lineup.","og_url":"https:\/\/audioforum.si\/sl\/previous-events\/audio-forum-ljubljana-2024\/","og_site_name":"Audio Forum","article_publisher":"https:\/\/www.facebook.com\/masivaudioforum\/","article_modified_time":"2025-12-27T19:37:59+00:00","og_image":[{"width":1620,"height":1080,"url":"https:\/\/audioforum.si\/wp-content\/uploads\/2024\/09\/IMG_8035.jpg","type":"image\/jpeg"}],"twitter_card":"summary_large_image","twitter_misc":{"Est. reading time":"11 minut"},"schema":{"@context":"https:\/\/schema.org","@graph":[{"@type":"WebPage","@id":"https:\/\/audioforum.si\/previous-events\/audio-forum-ljubljana-2024\/","url":"https:\/\/audioforum.si\/previous-events\/audio-forum-ljubljana-2024\/","name":"Audio Forum Ljubljana 2024 - Audio Forum","isPartOf":{"@id":"https:\/\/audioforum.si\/#website"},"primaryImageOfPage":{"@id":"https:\/\/audioforum.si\/previous-events\/audio-forum-ljubljana-2024\/#primaryimage"},"image":{"@id":"https:\/\/audioforum.si\/previous-events\/audio-forum-ljubljana-2024\/#primaryimage"},"thumbnailUrl":"https:\/\/audioforum.si\/wp-content\/uploads\/2024\/09\/IMG_8035-1024x683.jpg","datePublished":"2024-09-19T18:11:38+00:00","dateModified":"2025-12-27T19:37:59+00:00","description":"A unique annual pro-audio conference in the SEE, happening in Belgrade, Serbia, with seasoned experts in its speaker lineup.","breadcrumb":{"@id":"https:\/\/audioforum.si\/previous-events\/audio-forum-ljubljana-2024\/#breadcrumb"},"inLanguage":"sl-SI","potentialAction":[{"@type":"ReadAction","target":["https:\/\/audioforum.si\/previous-events\/audio-forum-ljubljana-2024\/"]}]},{"@type":"ImageObject","inLanguage":"sl-SI","@id":"https:\/\/audioforum.si\/previous-events\/audio-forum-ljubljana-2024\/#primaryimage","url":"https:\/\/audioforum.si\/wp-content\/uploads\/2024\/09\/IMG_8035-1024x683.jpg","contentUrl":"https:\/\/audioforum.si\/wp-content\/uploads\/2024\/09\/IMG_8035-1024x683.jpg"},{"@type":"BreadcrumbList","@id":"https:\/\/audioforum.si\/previous-events\/audio-forum-ljubljana-2024\/#breadcrumb","itemListElement":[{"@type":"ListItem","position":1,"name":"Home","item":"https:\/\/audioforum.si\/"},{"@type":"ListItem","position":2,"name":"Previous Events","item":"https:\/\/audioforum.si\/previous-events\/"},{"@type":"ListItem","position":3,"name":"Audio Forum Ljubljana 2024"}]},{"@type":"WebSite","@id":"https:\/\/audioforum.si\/#website","url":"https:\/\/audioforum.si\/","name":"Audio Forum","description":"A unique annual pro-audio conference in SEE","publisher":{"@id":"https:\/\/audioforum.si\/#organization"},"potentialAction":[{"@type":"SearchAction","target":{"@type":"EntryPoint","urlTemplate":"https:\/\/audioforum.si\/?s={search_term_string}"},"query-input":{"@type":"PropertyValueSpecification","valueRequired":true,"valueName":"search_term_string"}}],"inLanguage":"sl-SI"},{"@type":"Organization","@id":"https:\/\/audioforum.si\/#organization","name":"Audio Forum","url":"https:\/\/audioforum.si\/","logo":{"@type":"ImageObject","inLanguage":"sl-SI","@id":"https:\/\/audioforum.si\/#\/schema\/logo\/image\/","url":"https:\/\/audioforum.rs\/wp-content\/uploads\/2023\/11\/AF_Logo-01.png","contentUrl":"https:\/\/audioforum.rs\/wp-content\/uploads\/2023\/11\/AF_Logo-01.png","width":4000,"height":420,"caption":"Audio Forum"},"image":{"@id":"https:\/\/audioforum.si\/#\/schema\/logo\/image\/"},"sameAs":["https:\/\/www.facebook.com\/masivaudioforum\/","https:\/\/www.youtube.com\/c\/AudioForum","https:\/\/www.instagram.com\/audio_forum\/","https:\/\/discord.com\/invite\/pW4tgnn4k3"]}]}},"_links":{"self":[{"href":"https:\/\/audioforum.si\/sl\/wp-json\/wp\/v2\/pages\/3047","targetHints":{"allow":["GET"]}}],"collection":[{"href":"https:\/\/audioforum.si\/sl\/wp-json\/wp\/v2\/pages"}],"about":[{"href":"https:\/\/audioforum.si\/sl\/wp-json\/wp\/v2\/types\/page"}],"author":[{"embeddable":true,"href":"https:\/\/audioforum.si\/sl\/wp-json\/wp\/v2\/users\/3"}],"replies":[{"embeddable":true,"href":"https:\/\/audioforum.si\/sl\/wp-json\/wp\/v2\/comments?post=3047"}],"version-history":[{"count":12,"href":"https:\/\/audioforum.si\/sl\/wp-json\/wp\/v2\/pages\/3047\/revisions"}],"predecessor-version":[{"id":3341,"href":"https:\/\/audioforum.si\/sl\/wp-json\/wp\/v2\/pages\/3047\/revisions\/3341"}],"up":[{"embeddable":true,"href":"https:\/\/audioforum.si\/sl\/wp-json\/wp\/v2\/pages\/2974"}],"wp:attachment":[{"href":"https:\/\/audioforum.si\/sl\/wp-json\/wp\/v2\/media?parent=3047"}],"curies":[{"name":"wp","href":"https:\/\/api.w.org\/{rel}","templated":true}]}}